{"id":7798,"date":"2021-08-05T08:21:13","date_gmt":"2021-08-05T06:21:13","guid":{"rendered":"https:\/\/www.baumaniere.com\/group-menu-at-la-cabro-dor\/"},"modified":"2026-03-26T12:41:50","modified_gmt":"2026-03-26T11:41:50","slug":"group-menu-at-la-cabro-dor","status":"publish","type":"page","link":"https:\/\/www.baumaniere.com\/en\/your-tailor-made-events\/group-menu-at-la-cabro-dor\/","title":{"rendered":"Group menu at La Cabro d&#8217;Or"},"content":{"rendered":"<p>[et_pb_section fb_built=&#8221;1&#8243; module_class=&#8221;carte-menu&#8221; _builder_version=&#8221;4.16&#8243; _module_preset=&#8221;default&#8221; da_disable_devices=&#8221;off|off|off&#8221; global_colors_info=&#8221;{}&#8221; da_is_popup=&#8221;off&#8221; da_exit_intent=&#8221;off&#8221; da_has_close=&#8221;on&#8221; da_alt_close=&#8221;off&#8221; da_dark_close=&#8221;off&#8221; da_not_modal=&#8221;on&#8221; da_is_singular=&#8221;off&#8221; da_with_loader=&#8221;off&#8221; da_has_shadow=&#8221;on&#8221;][et_pb_row column_structure=&#8221;1_2,1_2&#8243; use_custom_gutter=&#8221;on&#8221; gutter_width=&#8221;4&#8243; custom_padding_last_edited=&#8221;on|desktop&#8221; _builder_version=&#8221;4.27.3&#8243; _module_preset=&#8221;default&#8221; width=&#8221;85%&#8221; max_width=&#8221;90%&#8221; module_alignment=&#8221;left&#8221; custom_padding_tablet=&#8221;&#8221; custom_padding_phone=&#8221;&#8221; global_colors_info=&#8221;{}&#8221;][et_pb_column type=&#8221;1_2&#8243; _builder_version=&#8221;4.16&#8243; _module_preset=&#8221;default&#8221; global_colors_info=&#8221;{}&#8221;][et_pb_slider dot_nav_custom_color=&#8221;#393939&#8243; module_id=&#8221;img-fixed&#8221; _builder_version=&#8221;4.16&#8243; _module_preset=&#8221;default&#8221; min_height=&#8221;100vh&#8221; height=&#8221;100vh&#8221; auto_speed=&#8221;10000&#8243; auto_ignore_hover=&#8221;on&#8221; global_colors_info=&#8221;{}&#8221;][et_pb_slide _builder_version=&#8221;4.16&#8243; _module_preset=&#8221;default&#8221; background_enable_color=&#8221;off&#8221; background_image=&#8221;https:\/\/www.baumaniere.com\/wp-content\/uploads\/ecrin-chocolat-M-Hulin\u00a9VirginieOvessianPhotographe_DSC3747-180deg-scaled.jpg&#8221; background_enable_image=&#8221;on&#8221; global_colors_info=&#8221;{}&#8221; sticky_transition=&#8221;on&#8221;][\/et_pb_slide][et_pb_slide _builder_version=&#8221;4.16&#8243; _module_preset=&#8221;default&#8221; background_enable_color=&#8221;off&#8221; background_image=&#8221;https:\/\/www.baumaniere.com\/wp-content\/uploads\/loup-ceviche-M-Hulin\u00a9VirginieOvessianPhotographe_DSC3277-scaled.jpg&#8221; background_enable_image=&#8221;on&#8221; global_colors_info=&#8221;{}&#8221; sticky_transition=&#8221;on&#8221;][\/et_pb_slide][et_pb_slide _builder_version=&#8221;4.16&#8243; _module_preset=&#8221;default&#8221; background_image=&#8221;https:\/\/www.baumaniere.com\/wp-content\/uploads\/GROUPE-PATIO-CABRO-2-scaled.jpg&#8221; background_enable_image=&#8221;on&#8221; global_colors_info=&#8221;{}&#8221; sticky_transition=&#8221;on&#8221;][\/et_pb_slide][\/et_pb_slider][\/et_pb_column][et_pb_column type=&#8221;1_2&#8243; _builder_version=&#8221;4.27.3&#8243; _module_preset=&#8221;default&#8221; custom_padding=&#8221;||||false|false&#8221; global_colors_info=&#8221;{}&#8221;][et_pb_code module_class=&#8221;breadcrumb breadcrumb-50&#8243; _builder_version=&#8221;4.27.3&#8243; _module_preset=&#8221;default&#8221; custom_margin=&#8221;||||false|false&#8221; custom_padding=&#8221;20px||20px||false|false&#8221; global_module=&#8221;7552&#8243; saved_tabs=&#8221;all&#8221; global_colors_info=&#8221;{}&#8221;]<span><span><a href=\"https:\/\/www.baumaniere.com\/en\/\">Accueil<\/a><\/span><\/span>[\/et_pb_code][et_pb_text _builder_version=&#8221;4.16&#8243; _module_preset=&#8221;default&#8221; global_colors_info=&#8221;{}&#8221;]<\/p>\n<h1>Group Menu <span class=\"sous-titre\">La Cabro d&#8217;Or &#8211; Chef Michel Hulin<\/span><\/h1>\n<p>[\/et_pb_text][et_pb_toggle title=&#8221;\ud83c\udf1fMenu de f\u00eates de fin d&apos;ann\u00e9e&#8221; open_toggle_text_color=&#8221;#393939&#8243; closed_toggle_text_color=&#8221;#393939&#8243; icon_color=&#8221;#393939&#8243; open_icon_color=&#8221;#393939&#8243; disabled_on=&#8221;on|on|on&#8221; _builder_version=&#8221;4.27.4&#8243; _module_preset=&#8221;default&#8221; title_text_color=&#8221;#393939&#8243; title_level=&#8221;h2&#8243; title_font=&#8221;||||on|||RGBA(0,0,0,0)|&#8221; background_color=&#8221;RGBA(0,0,0,0)&#8221; custom_margin=&#8221;0px||30px||false|false&#8221; custom_padding=&#8221;||30px||false|false&#8221; border_width_bottom=&#8221;1px&#8221; border_color_bottom=&#8221;rgba(136,136,136,0.3)&#8221; border_style_bottom=&#8221;solid&#8221; disabled=&#8221;on&#8221; global_colors_info=&#8221;{}&#8221;]<\/p>\n<p class=\"menu-price\">115 \u20ac par personne, hors boissons*<\/p>\n<p class=\"fs-14\">(valable du 1er novembre 2024 au 5 Janvier 2025)<\/p>\n<p><strong>Le tourteau effiloch\u00e9 \u00e0 la mayonnaise citronn\u00e9e,<\/strong><br \/>Fines ravioles v\u00e9g\u00e9tales au jus d\u2019une Granny Smith et Sudachi<\/p>\n<p><strong>D\u00e9gustation d\u2019agneau des Alpilles r\u00f4ti en cocotte,<\/strong><br \/>Choux farcis au citron confit et aux olives vertes des Baux, jus court<\/p>\n<p><strong>Le ch\u00e8vre frais de Mme Gillet \u00e0 Aureille,<\/strong><br \/>Condiments de fruits secs, pignons et huile d\u2019olive<\/p>\n<p><strong>Blanc-manger parfum\u00e9 \u00e0 la Bergamote,<\/strong><br \/>Plum Tea glac\u00e9<\/p>\n<p><strong>Entre le chocolat grand cru Elvesia et les agrumes de No\u00ebl<br \/><\/strong>de chez Adrian \u00e0 Boulbon,<br \/>Huile d\u2019olive des Baux glac\u00e9e<\/p>\n<p>[\/et_pb_toggle][et_pb_toggle title=&#8221;Gourmet Menu&#8221; open_toggle_text_color=&#8221;#393939&#8243; closed_toggle_text_color=&#8221;#393939&#8243; icon_color=&#8221;#393939&#8243; open_icon_color=&#8221;#393939&#8243; _builder_version=&#8221;4.27.5&#8243; _module_preset=&#8221;default&#8221; title_text_color=&#8221;#393939&#8243; title_level=&#8221;h2&#8243; title_font=&#8221;||||on|||RGBA(0,0,0,0)|&#8221; background_color=&#8221;RGBA(0,0,0,0)&#8221; custom_margin=&#8221;0px||30px||false|false&#8221; custom_padding=&#8221;||30px||false|false&#8221; border_width_bottom=&#8221;1px&#8221; border_color_bottom=&#8221;rgba(136,136,136,0.3)&#8221; border_style_bottom=&#8221;solid&#8221; global_colors_info=&#8221;{}&#8221;]<\/p>\n<p>\u20ac98 per person, excluding drinks* &#8211; 5-course menu<\/p>\n<p>The prices shown are valid for the year 2026.<\/p>\n<p><strong>Little steamed bread surprise,<\/strong><br \/>Squid with confited tomato, coriander and lime, broth with herbs shellfish<br \/>***<br \/><strong>Kernel of veal cooked in medallion,<\/strong><br \/>Apple and cucumber with confited ginger, Creamed acidulous polenta<br \/>***<br \/><strong>Fresh goat cheese with dried fruit condiments, pine nuts and olive oil<\/strong><br \/>***<br \/><strong>Leaf after leaf frosted meringue blueberry<\/strong><br \/>and Timut pepper<br \/>***<br \/><strong>Citrus and PDO honey from La Crau,<\/strong><br \/>On a tender biscuit with hydromel,<br \/>Foamy Panna cotta infused with bee wax<\/p>\n<p><\/p>\n<p>[\/et_pb_toggle][et_pb_toggle title=&#8221;Discovery Menu&#8221; open_toggle_text_color=&#8221;#393939&#8243; closed_toggle_text_color=&#8221;#393939&#8243; icon_color=&#8221;#393939&#8243; open_icon_color=&#8221;#393939&#8243; _builder_version=&#8221;4.27.5&#8243; _module_preset=&#8221;default&#8221; title_text_color=&#8221;#393939&#8243; title_level=&#8221;h2&#8243; title_font=&#8221;||||on|||RGBA(0,0,0,0)|&#8221; background_color=&#8221;RGBA(0,0,0,0)&#8221; custom_margin=&#8221;0px||30px||false|false&#8221; custom_padding=&#8221;||30px||false|false&#8221; border_width_bottom=&#8221;1px&#8221; border_color_bottom=&#8221;rgba(136,136,136,0.3)&#8221; border_style_bottom=&#8221;solid&#8221; global_colors_info=&#8221;{}&#8221;]<\/p>\n<p>\u20ac115 per person, excluding drinks*<\/p>\n<p>The prices shown are valid for the year 2026.<\/p>\n<p><strong>Ceviche langoustine,<\/strong><br \/>Compressed Romaine lettuce hearts with Sudachi, Ponzu foam<br \/>***<br \/><strong>Back of sea bass roasted on its skin,<\/strong><br \/>Leeks gratin with acidulous shelfish, <br \/>\u00ab Baenki \u00bb caviar juice<br \/>***<br \/><strong>Fresh goat cheese with dried fruit condiments, pine nuts and olive oil<\/strong><br \/>***<br \/><strong>Under Provence pine tree,<\/strong><br \/>Grand cru Elvesia chocolate meet <br \/>frosted Frigolet liqueur<br \/>***<br \/><strong>Crispy leaf after leaf with biologic tea <\/strong><br \/>scented with citrus,<br \/>Ice cream with frosted vanilla<\/p>\n<p>[\/et_pb_toggle][et_pb_toggle title=&#8221;Gastronomic Menu&#8221; open_toggle_text_color=&#8221;#393939&#8243; closed_toggle_text_color=&#8221;#393939&#8243; icon_color=&#8221;#393939&#8243; open_icon_color=&#8221;#393939&#8243; _builder_version=&#8221;4.27.6&#8243; _module_preset=&#8221;default&#8221; title_text_color=&#8221;#393939&#8243; title_level=&#8221;h2&#8243; title_font=&#8221;||||on|||RGBA(0,0,0,0)|&#8221; background_color=&#8221;RGBA(0,0,0,0)&#8221; custom_margin=&#8221;0px||30px||false|false&#8221; custom_padding=&#8221;||30px||false|false&#8221; hover_enabled=&#8221;0&#8243; border_width_bottom=&#8221;1px&#8221; border_color_bottom=&#8221;rgba(136,136,136,0.3)&#8221; border_style_bottom=&#8221;solid&#8221; global_colors_info=&#8221;{}&#8221; sticky_enabled=&#8221;0&#8243;]<\/p>\n<p>\u20ac145 per person, excluding drinks*<\/p>\n<p>The prices shown are valid for the year 2026.<\/p>\n<p><strong>Pressed duck foie gras, <\/strong><br \/>As a savoury,<br \/>Acidulous seasonal fruits chutney<br \/>***<br \/><strong>Back of sea bass cooked on its skin,<\/strong><br \/>Acidulous cauliflower semolina with Sudachi <br \/>And sorrel<br \/>***<br \/><strong>Tasting of confited and caramelised lamb,<\/strong><br \/>Lettuce heart stuffed with spelt and lemony condiments<br \/>***<br \/><strong>Fresh goat cheese with dried fruit condiments, pine nuts and olive oil<\/strong><br \/>***<br \/><strong>Blancmange scented with bergamot,<\/strong><br \/>Iced Plum Tea<br \/>***<br \/><strong>Stroll in the middle of mills and olive trees,<\/strong><br \/>Between \u00ab Fruit\u00e9 noir \u00bb and \u00ab Fruit\u00e9 vert \u00bb,<br \/>Creamed with Grand Cru chocolat<\/p>\n<p>[\/et_pb_toggle][et_pb_toggle title=&#8221;Mineral water and coffee package&#8221; open_toggle_text_color=&#8221;#393939&#8243; closed_toggle_text_color=&#8221;#393939&#8243; icon_color=&#8221;#393939&#8243; open_icon_color=&#8221;#393939&#8243; _builder_version=&#8221;4.27.4&#8243; _module_preset=&#8221;default&#8221; title_text_color=&#8221;#393939&#8243; title_level=&#8221;h2&#8243; title_font=&#8221;||||on|||RGBA(0,0,0,0)|&#8221; background_color=&#8221;RGBA(0,0,0,0)&#8221; custom_margin=&#8221;0px||30px||false|false&#8221; custom_padding=&#8221;||30px||false|false&#8221; border_width_bottom=&#8221;1px&#8221; border_color_bottom=&#8221;rgba(136,136,136,0.3)&#8221; border_style_bottom=&#8221;solid&#8221; global_colors_info=&#8221;{}&#8221;]<\/p>\n<p><strong>Aperitif Package at 20\u20ac per person<\/strong><br \/>Including the Cabro d\u2019Or cocktail or a glass of<br \/>Champagne and canap\u00e9s<\/p>\n<p><strong>Package at 30\u20ac per person<\/strong><br \/>Including 2 glasses of wine, still and sparkling water, and<br \/>a hot beverage.<br \/>Package at 45\u20ac per person<br \/>3 glasses of wine, still and sparkling water, and a hot<br \/>beverage<\/p>\n<p><strong>Prestige Package at 65\u20ac per person<\/strong><br \/>4 glasses of wine, canap\u00e9s, still and sparkling water and a<br \/>hot beverage<\/p>\n<p><em>Beyond the planned consumption, \u201c\u00e0 la carte\u201c drinks will<\/em><br \/><em>be invoiced.<\/em><\/p>\n<p>[\/et_pb_toggle][et_pb_text _builder_version=&#8221;4.27.4&#8243; _module_preset=&#8221;default&#8221; global_colors_info=&#8221;{}&#8221;]<\/p>\n<p>* Ces menus seront propos\u00e9s \u00e0 partir de 10 convives.<br \/>Nous vous demanderons de faire un choix unique pour l\u2019ensemble de la table et de nous communiquer celui-ci 10 jours avant votre venue.<\/p>\n<p class=\"fs-14\">Ces menus sont susceptibles d\u2019\u00e9voluer en fonction des produits de saison<br \/>T.V.A. 10% et service 15% des prix H.T. compris<\/p>\n<p>[\/et_pb_text][\/et_pb_column][\/et_pb_row][\/et_pb_section]<\/p>\n","protected":false},"excerpt":{"rendered":"<p><span><span><a href=\"https:\/\/www.baumaniere.com\/en\/\">Accueil<\/a><\/span><\/span>Group Menu La Cabro d&#8217;Or &#8211; Chef Michel Hulin115 \u20ac par personne, hors boissons*(valable du 1er novembre 2024 au 5 Janvier 2025)Le tourteau effiloch\u00e9 \u00e0 la mayonnaise citronn\u00e9e,Fines ravioles v\u00e9g\u00e9tales au jus d\u2019une Granny Smith et SudachiD\u00e9gustation d\u2019agneau des Alpilles r\u00f4ti en cocotte,Choux farcis au citron confit et aux olives vertes des Baux, jus courtLe [&hellip;]<\/p>\n","protected":false},"author":3,"featured_media":0,"parent":9948,"menu_order":0,"comment_status":"closed","ping_status":"closed","template":"","meta":{"_acf_changed":false,"_et_pb_use_builder":"on","_et_pb_old_content":"","_et_gb_content_width":"","footnotes":""},"class_list":["post-7798","page","type-page","status-publish","hentry"],"acf":[],"yoast_head":"<!-- This site is optimized with the Yoast SEO plugin v27.3 - https:\/\/yoast.com\/product\/yoast-seo-wordpress\/ -->\n<title>Group menu at La Cabro d&#039;Or - Baumani\u00e8re<\/title>\n<meta name=\"description\" content=\"Offer your guests the gourmet experience of the Cabro d&#039;Or de Baumani\u00e8re with the group menus of Chef Michel Hulin.\" \/>\n<meta name=\"robots\" content=\"index, follow, max-snippet:-1, max-image-preview:large, max-video-preview:-1\" \/>\n<link rel=\"canonical\" href=\"https:\/\/www.baumaniere.com\/en\/your-tailor-made-events\/group-menu-at-la-cabro-dor\/\" \/>\n<meta property=\"og:locale\" content=\"en_US\" \/>\n<meta property=\"og:type\" content=\"article\" \/>\n<meta property=\"og:title\" content=\"Group menu at La Cabro d&#039;Or - Baumani\u00e8re\" \/>\n<meta property=\"og:description\" content=\"Offer your guests the gourmet experience of the Cabro d&#039;Or de Baumani\u00e8re with the group menus of Chef Michel Hulin.\" \/>\n<meta property=\"og:url\" content=\"https:\/\/www.baumaniere.com\/en\/your-tailor-made-events\/group-menu-at-la-cabro-dor\/\" \/>\n<meta property=\"og:site_name\" content=\"Baumani\u00e8re\" \/>\n<meta property=\"article:modified_time\" content=\"2026-03-26T11:41:50+00:00\" \/>\n<meta property=\"og:image\" content=\"https:\/\/www.baumaniere.com\/wp-content\/uploads\/logo_opengraph.jpg\" \/>\n\t<meta property=\"og:image:width\" content=\"1920\" \/>\n\t<meta property=\"og:image:height\" content=\"905\" \/>\n\t<meta property=\"og:image:type\" content=\"image\/jpeg\" \/>\n<meta name=\"twitter:card\" content=\"summary_large_image\" \/>\n<meta name=\"twitter:label1\" content=\"Est. reading time\" \/>\n\t<meta name=\"twitter:data1\" content=\"6 minutes\" \/>\n<script type=\"application\/ld+json\" class=\"yoast-schema-graph\">{\"@context\":\"https:\\\/\\\/schema.org\",\"@graph\":[{\"@type\":\"WebPage\",\"@id\":\"https:\\\/\\\/www.baumaniere.com\\\/en\\\/your-tailor-made-events\\\/group-menu-at-la-cabro-dor\\\/\",\"url\":\"https:\\\/\\\/www.baumaniere.com\\\/en\\\/your-tailor-made-events\\\/group-menu-at-la-cabro-dor\\\/\",\"name\":\"Group menu at La Cabro d'Or - Baumani\u00e8re\",\"isPartOf\":{\"@id\":\"https:\\\/\\\/www.baumaniere.com\\\/en\\\/#website\"},\"datePublished\":\"2021-08-05T06:21:13+00:00\",\"dateModified\":\"2026-03-26T11:41:50+00:00\",\"description\":\"Offer your guests the gourmet experience of the Cabro d'Or de Baumani\u00e8re with the group menus of Chef Michel Hulin.\",\"breadcrumb\":{\"@id\":\"https:\\\/\\\/www.baumaniere.com\\\/en\\\/your-tailor-made-events\\\/group-menu-at-la-cabro-dor\\\/#breadcrumb\"},\"inLanguage\":\"en-US\",\"potentialAction\":[{\"@type\":\"ReadAction\",\"target\":[\"https:\\\/\\\/www.baumaniere.com\\\/en\\\/your-tailor-made-events\\\/group-menu-at-la-cabro-dor\\\/\"]}]},{\"@type\":\"BreadcrumbList\",\"@id\":\"https:\\\/\\\/www.baumaniere.com\\\/en\\\/your-tailor-made-events\\\/group-menu-at-la-cabro-dor\\\/#breadcrumb\",\"itemListElement\":[{\"@type\":\"ListItem\",\"position\":1,\"name\":\"Accueil\",\"item\":\"https:\\\/\\\/www.baumaniere.com\\\/en\\\/\"},{\"@type\":\"ListItem\",\"position\":2,\"name\":\"Your tailor-made events\",\"item\":\"https:\\\/\\\/www.baumaniere.com\\\/en\\\/vos-evenements-sur-mesure\\\/\"},{\"@type\":\"ListItem\",\"position\":3,\"name\":\"Group menu at La Cabro d&rsquo;Or\"}]},{\"@type\":\"WebSite\",\"@id\":\"https:\\\/\\\/www.baumaniere.com\\\/en\\\/#website\",\"url\":\"https:\\\/\\\/www.baumaniere.com\\\/en\\\/\",\"name\":\"Baumani\u00e8re\",\"description\":\"Les Baux de Provence\",\"publisher\":{\"@id\":\"https:\\\/\\\/www.baumaniere.com\\\/en\\\/#organization\"},\"potentialAction\":[{\"@type\":\"SearchAction\",\"target\":{\"@type\":\"EntryPoint\",\"urlTemplate\":\"https:\\\/\\\/www.baumaniere.com\\\/en\\\/?s={search_term_string}\"},\"query-input\":{\"@type\":\"PropertyValueSpecification\",\"valueRequired\":true,\"valueName\":\"search_term_string\"}}],\"inLanguage\":\"en-US\"},{\"@type\":\"Organization\",\"@id\":\"https:\\\/\\\/www.baumaniere.com\\\/en\\\/#organization\",\"name\":\"Baumani\u00e8re\",\"url\":\"https:\\\/\\\/www.baumaniere.com\\\/en\\\/\",\"logo\":{\"@type\":\"ImageObject\",\"inLanguage\":\"en-US\",\"@id\":\"https:\\\/\\\/www.baumaniere.com\\\/en\\\/#\\\/schema\\\/logo\\\/image\\\/\",\"url\":\"https:\\\/\\\/www.baumaniere.com\\\/wp-content\\\/uploads\\\/logo_opengraph.jpg\",\"contentUrl\":\"https:\\\/\\\/www.baumaniere.com\\\/wp-content\\\/uploads\\\/logo_opengraph.jpg\",\"width\":1920,\"height\":905,\"caption\":\"Baumani\u00e8re\"},\"image\":{\"@id\":\"https:\\\/\\\/www.baumaniere.com\\\/en\\\/#\\\/schema\\\/logo\\\/image\\\/\"}}]}<\/script>\n<!-- \/ Yoast SEO plugin. -->","yoast_head_json":{"title":"Group menu at La Cabro d'Or - Baumani\u00e8re","description":"Offer your guests the gourmet experience of the Cabro d'Or de Baumani\u00e8re with the group menus of Chef Michel Hulin.","robots":{"index":"index","follow":"follow","max-snippet":"max-snippet:-1","max-image-preview":"max-image-preview:large","max-video-preview":"max-video-preview:-1"},"canonical":"https:\/\/www.baumaniere.com\/en\/your-tailor-made-events\/group-menu-at-la-cabro-dor\/","og_locale":"en_US","og_type":"article","og_title":"Group menu at La Cabro d'Or - Baumani\u00e8re","og_description":"Offer your guests the gourmet experience of the Cabro d'Or de Baumani\u00e8re with the group menus of Chef Michel Hulin.","og_url":"https:\/\/www.baumaniere.com\/en\/your-tailor-made-events\/group-menu-at-la-cabro-dor\/","og_site_name":"Baumani\u00e8re","article_modified_time":"2026-03-26T11:41:50+00:00","og_image":[{"width":1920,"height":905,"url":"https:\/\/www.baumaniere.com\/wp-content\/uploads\/logo_opengraph.jpg","type":"image\/jpeg"}],"twitter_card":"summary_large_image","twitter_misc":{"Est. reading time":"6 minutes"},"schema":{"@context":"https:\/\/schema.org","@graph":[{"@type":"WebPage","@id":"https:\/\/www.baumaniere.com\/en\/your-tailor-made-events\/group-menu-at-la-cabro-dor\/","url":"https:\/\/www.baumaniere.com\/en\/your-tailor-made-events\/group-menu-at-la-cabro-dor\/","name":"Group menu at La Cabro d'Or - Baumani\u00e8re","isPartOf":{"@id":"https:\/\/www.baumaniere.com\/en\/#website"},"datePublished":"2021-08-05T06:21:13+00:00","dateModified":"2026-03-26T11:41:50+00:00","description":"Offer your guests the gourmet experience of the Cabro d'Or de Baumani\u00e8re with the group menus of Chef Michel Hulin.","breadcrumb":{"@id":"https:\/\/www.baumaniere.com\/en\/your-tailor-made-events\/group-menu-at-la-cabro-dor\/#breadcrumb"},"inLanguage":"en-US","potentialAction":[{"@type":"ReadAction","target":["https:\/\/www.baumaniere.com\/en\/your-tailor-made-events\/group-menu-at-la-cabro-dor\/"]}]},{"@type":"BreadcrumbList","@id":"https:\/\/www.baumaniere.com\/en\/your-tailor-made-events\/group-menu-at-la-cabro-dor\/#breadcrumb","itemListElement":[{"@type":"ListItem","position":1,"name":"Accueil","item":"https:\/\/www.baumaniere.com\/en\/"},{"@type":"ListItem","position":2,"name":"Your tailor-made events","item":"https:\/\/www.baumaniere.com\/en\/vos-evenements-sur-mesure\/"},{"@type":"ListItem","position":3,"name":"Group menu at La Cabro d&rsquo;Or"}]},{"@type":"WebSite","@id":"https:\/\/www.baumaniere.com\/en\/#website","url":"https:\/\/www.baumaniere.com\/en\/","name":"Baumani\u00e8re","description":"Les Baux de Provence","publisher":{"@id":"https:\/\/www.baumaniere.com\/en\/#organization"},"potentialAction":[{"@type":"SearchAction","target":{"@type":"EntryPoint","urlTemplate":"https:\/\/www.baumaniere.com\/en\/?s={search_term_string}"},"query-input":{"@type":"PropertyValueSpecification","valueRequired":true,"valueName":"search_term_string"}}],"inLanguage":"en-US"},{"@type":"Organization","@id":"https:\/\/www.baumaniere.com\/en\/#organization","name":"Baumani\u00e8re","url":"https:\/\/www.baumaniere.com\/en\/","logo":{"@type":"ImageObject","inLanguage":"en-US","@id":"https:\/\/www.baumaniere.com\/en\/#\/schema\/logo\/image\/","url":"https:\/\/www.baumaniere.com\/wp-content\/uploads\/logo_opengraph.jpg","contentUrl":"https:\/\/www.baumaniere.com\/wp-content\/uploads\/logo_opengraph.jpg","width":1920,"height":905,"caption":"Baumani\u00e8re"},"image":{"@id":"https:\/\/www.baumaniere.com\/en\/#\/schema\/logo\/image\/"}}]}},"_links":{"self":[{"href":"https:\/\/www.baumaniere.com\/en\/wp-json\/wp\/v2\/pages\/7798","targetHints":{"allow":["GET"]}}],"collection":[{"href":"https:\/\/www.baumaniere.com\/en\/wp-json\/wp\/v2\/pages"}],"about":[{"href":"https:\/\/www.baumaniere.com\/en\/wp-json\/wp\/v2\/types\/page"}],"author":[{"embeddable":true,"href":"https:\/\/www.baumaniere.com\/en\/wp-json\/wp\/v2\/users\/3"}],"replies":[{"embeddable":true,"href":"https:\/\/www.baumaniere.com\/en\/wp-json\/wp\/v2\/comments?post=7798"}],"version-history":[{"count":64,"href":"https:\/\/www.baumaniere.com\/en\/wp-json\/wp\/v2\/pages\/7798\/revisions"}],"predecessor-version":[{"id":31474,"href":"https:\/\/www.baumaniere.com\/en\/wp-json\/wp\/v2\/pages\/7798\/revisions\/31474"}],"up":[{"embeddable":true,"href":"https:\/\/www.baumaniere.com\/en\/wp-json\/wp\/v2\/pages\/9948"}],"wp:attachment":[{"href":"https:\/\/www.baumaniere.com\/en\/wp-json\/wp\/v2\/media?parent=7798"}],"curies":[{"name":"wp","href":"https:\/\/api.w.org\/{rel}","templated":true}]}}